{"id":70,"date":"2024-07-06T12:11:35","date_gmt":"2024-07-06T10:11:35","guid":{"rendered":"https:\/\/vs-arnoldstein.ksn.at\/v2\/?page_id=70"},"modified":"2025-04-29T11:02:11","modified_gmt":"2025-04-29T09:02:11","slug":"geschichte","status":"publish","type":"page","link":"https:\/\/vs-arnoldstein.ksn.at\/v2\/geschichte\/","title":{"rendered":"Geschichte"},"content":{"rendered":"\n<figure class=\"wp-block-image aligncenter size-full\"><img loading=\"lazy\" decoding=\"async\" width=\"354\" height=\"245\" src=\"https:\/\/vs-arnoldstein.ksn.at\/v2\/wp-content\/uploads\/2024\/07\/vs1.jpg\" alt=\"VS Arnoldstein 1911 \u2013 Ansicht Norden\" class=\"wp-image-196\" srcset=\"https:\/\/vs-arnoldstein.ksn.at\/v2\/wp-content\/uploads\/2024\/07\/vs1.jpg 354w, https:\/\/vs-arnoldstein.ksn.at\/v2\/wp-content\/uploads\/2024\/07\/vs1-300x208.jpg 300w\" sizes=\"auto, (max-width: 354px) 100vw, 354px\" \/><figcaption class=\"wp-element-caption\">VS Arnoldstein 1911 \u2013 Ansicht Norden<\/figcaption><\/figure>\n\n\n\n<h2 class=\"wp-block-heading has-medium-font-size\">Die Volksschule Arnoldstein hat eine lange Geschichte:<\/h2>\n\n\n\n<p>Gegr\u00fcndet 1784 im Speisesaal eines Klosters, zog sie sp\u00e4ter in den Getreidespeicher um. Der Grundstein f\u00fcr das heutige Schulgeb\u00e4ude wurde 1908 gelegt, und 1910\/11 er\u00f6ffnete die Schule mit 7 Klassen f\u00fcr 420 Kinder. Nach mehreren baulichen Erweiterungen, einschlie\u00dflich eines neuen Turnsaals 1995, wurden im Jahr 2000 die bis dahin getrennten Knaben- und M\u00e4dchenvolksschulen zu einer gemeinsamen Einrichtung fusioniert.<\/p>\n\n\n\n<details class=\"wp-block-details has-background is-layout-flow wp-block-details-is-layout-flow\" style=\"background:linear-gradient(135deg,rgb(238,238,238) 81%,rgb(169,184,195) 100%)\"><summary>Die Geschichte unseres Schulbaus: Ein umfassender R\u00fcckblick<\/summary>\n<p>1784&nbsp;gibt es eine erste&nbsp;urkundliche Erw\u00e4hnung einer Schule in Arnoldstein, die anfangs im Speisesaal des Klosters untergebracht war und nur aus einer Klasse bestand. Sp\u00e4ter \u00fcbersiedelte sie aus Platzmangel in den Getreidespeicher des Klosters (heute Heimatmuseum) und wurde mehrklassig.<br><br>Am&nbsp;20. Dezember 1908&nbsp;wurde der Grundstein zur heutigen Schule gelegt.&nbsp;Architekt Alfred Castelliz,&nbsp;Sch\u00fcler von Otto Wagner, Zivilarchitekt und Supplent an der Akademie der bildenden K\u00fcnste Wien erstellte den Bauplan und leitete den Bau der Schule.<br><br>Dieser war zwei Jahre sp\u00e4ter beendet und die Volksschule Arnoldstein wurde im Schuljahr 1910\/11 feierlich er\u00f6ffnet.<br><br>Im ersten Jahr gab es&nbsp;7 Klassen mit 420 Kindern. Es bestand zwar seit Maria Theresia die Schulpflicht, es gelang aber keinesfalls alle Kinder zu unterrichten, und so teilten sich oft mehrere Kinder einer Familie den Platz in der Schule.<br>Im Schulhaus war die&nbsp;Volks- Haupt- und Sonderschule&nbsp;untergebracht und es gab wechselweise Vormittags- und Nachmittagsunterricht, die Klassen waren also doppelt ausgelastet. Nur so war es m\u00f6glich, alle Kinder zu unterrichten.&nbsp;1962 wurde die neu erbaute Hauptschule&nbsp;er\u00f6ffnet und die Hauptschulkinder wechselten ins neue Geb\u00e4ude. Trotzdem gab es zu wenig Platz f\u00fcr alle Volksschulkinder und so mussten einzelne Klassen in der Hauptschule, bzw. im Geb\u00e4ude der Marktgemeinde untergebracht werden.<br><br>1970 wurde mit dem Umbau der Volksschule&nbsp;begonnen. Es wurde der Trakt der&nbsp;M\u00e4dchenvolksschule&nbsp;dazugebaut. Die Schule erhielt das heutige Erscheinungsbild, der schloss\u00e4hnliche, wundersch\u00f6ne Bauk\u00f6rper ging dabei allerdings leider verloren. Die einzige Erinnerung an die alte Zeit ist heute nur mehr die Aula, in der wir all unsere Feste feiern.<\/p>\n\n\n\n<figure class=\"wp-block-image aligncenter size-full\"><img loading=\"lazy\" decoding=\"async\" width=\"354\" height=\"243\" src=\"https:\/\/vs-arnoldstein.ksn.at\/v2\/wp-content\/uploads\/2024\/07\/vs2.jpg\" alt=\"\" class=\"wp-image-195\" srcset=\"https:\/\/vs-arnoldstein.ksn.at\/v2\/wp-content\/uploads\/2024\/07\/vs2.jpg 354w, https:\/\/vs-arnoldstein.ksn.at\/v2\/wp-content\/uploads\/2024\/07\/vs2-300x206.jpg 300w\" sizes=\"auto, (max-width: 354px) 100vw, 354px\" \/><figcaption class=\"wp-element-caption\">1970 Fertigstellung des Rohbaus der M\u00e4dchenvolksschule<\/figcaption><\/figure>\n\n\n\n<p>Ab&nbsp;1972&nbsp;gab es am Standort zwei Direktionen:<\/p>\n\n\n\n<ul class=\"wp-block-list\">\n<li>Die&nbsp;Volksschule 1&nbsp;(Knabenvolksschule) mit 8 Klassen und 204 Sch\u00fclern und<\/li>\n\n\n\n<li>die&nbsp;Volksschule 2&nbsp;(M\u00e4dchenvolksschule) mit 6 Klassen und 172 Sch\u00fclern (Stand Schuljahr 1971\/72).<\/li>\n<\/ul>\n\n\n\n<p>Diese wurden bis&nbsp;2000 von Dir. Gerhard Petschar&nbsp;bzw.&nbsp;Dir. Christl Senger&nbsp;geleitet.<\/p>\n\n\n\n<p>Im Jahr 1993 ging ein lang gehegter Wunsch in Erf\u00fcllung:&nbsp;Grundsteinlegung f\u00fcr den neuen Turnsaal.<br>Er wurde am 3. M\u00e4rz 1995 feierlich er\u00f6ffnet und sorgte f\u00fcr leuchtende Kinderaugen.<br>Der Turnsaal stand ab diesem Zeitpunkt nicht nur den Kindern der Volksschulen zur Verf\u00fcgung, sondern bot auch den Vereinen der Gemeinde einen Ort f\u00fcr sportliche Bet\u00e4tigung.<\/p>\n\n\n\n<p>Im&nbsp;September 2000 wurde Heinz Rumbold Direktor der Volksschule.&nbsp;Seine erste Aufgabe war es, die beiden Volksschulen zu einer zu fusionieren. Damit verbunden kam es zu gravierenden Ver\u00e4nderungen, die bis heute sichtbar sind: Unter seiner Leitung entwickelte sich eine neue Gruppe von Lehrerinnen, die voll motiviert die Schule f\u00fcr die Anforderungen des neuen Jahrtausends ausrichteten. Durch die \u00fcberaus gro\u00dfz\u00fcgige Unterst\u00fctzung seitens der Wirtschaftstreibenden in Arnoldstein und in Zusammenarbeit mit der Marktgemeinde Arnoldstein erf\u00fcllt die Volksschule Arnoldstein auch heute wieder den Anspruch der Einmaligkeit, sowie die Ausstrahlung weit \u00fcber die Grenzen des Landes hinaus.<\/p>\n<\/details>\n\n\n\n<p class=\"has-text-align-center\"><\/p>\n\n\n\n<details class=\"wp-block-details has-background is-layout-flow wp-block-details-is-layout-flow\" style=\"background:linear-gradient(135deg,rgb(238,238,238) 85%,rgb(169,184,195) 100%)\"><summary>Zur 100 Jahr Feier besuchte Bundespr\u00e4sident Dr. Heinz Fischer unsere Schule<\/summary>\n<p>Vor 100 Jahren wurde unsere Schule erbaut, von der in den K\u00e4rntner Landesnachrichten vom 6. Juni 1911 zu lesen war, dass hier etwas Gro\u00dfartiges geschaffen worden sei.<br><br>Der&nbsp;100. Geburtstag&nbsp;ist nat\u00fcrlich f\u00fcr uns ein Grund zum Feiern und so haben wir uns G\u00e4ste eingeladen. Wir waren sehr gl\u00fccklich, dass der h\u00f6chste Gast, der&nbsp;Bundespr\u00e4sident der Republik \u00d6sterreich&nbsp;unsere Einladung angenommen hat.<br>Am 9.5.2011 war es dann so weit.<br><br>Bundespr\u00e4sident Dr. Heinz Fischer stattete unserer Schule in Begleitung seiner Frau Margit einen Besuch ab.<br><br>Empfangen wurden sie von Dir. Heinz Rumbold und dem B\u00fcrgermeister Erich Kessler am Gemeindeplatz und von den 185 Sch\u00fclerinnen und Sch\u00fclern und mindestens gleich vielen Eltern, den Lehrerinnen der Schule und dem Bezirksschulinspektor Manfred Wurmitzer in der Aula der Volksschule Arnoldstein.<br>Mit einer dreisprachigen Schna\u00df\u2019n, vorgetragen von Triangolo, dem Chor der Lehrerinnen der Schule, begann die von den Lehrerinnen und den Sch\u00fclerinnen bestens vorbereitete Feierstunde.<br><br>Ein Auszug aus dem&nbsp;Musical \u201e100 Jahre Volksschule\u201c&nbsp;zeigte unter der Regie von Kol. Mag. Eveline Kaltschmidt und der technischen Leitung von Kol. Marijana Kontic in beeindruckender Weise die Geschichte der Schule. Musikalisch umrahmt wurde das Musical vom Schulchor unter der Leitung von Kol. Janja Pruntsch, sowie der Spielmusik unter der Leitung von Kol. Jasmine Urbanz und von Tonc Feinig am Klavier. Die Sch\u00fcler der 4. Klassen zeigten mit Kol. Karin Galle wie Unterricht vor 100 Jahren aussah und die Sch\u00fcler der 1. Klassen zeigten die Entstehung der Naturparkschule in ganz besonderen Kost\u00fcmen, hergestellt von Kol. Johanna Maat.<br><br>Zwei Schulrucks\u00e4cke der Naturparkschule Dobratsch, \u00fcbergeben von Kindern der 2. Klasse, sollen das Pr\u00e4sidentenpaar an uns erinnern.<br>Viel Zeit nahm sich Dr. Heinz Fischer f\u00fcr die Diskussion mit den Kindern und gab Einblicke in seine Schulzeit, aber auch in seine derzeitigen Aufgaben.<br>Spannend wurde es dann noch einmal, als Sch\u00fcler der 3. Klassen die&nbsp;Ehreng\u00e4ste in die Museumsklasse&nbsp;f\u00fchrten. Kol. Mag. Evelyn Schwenner hat mit ihrer Klasse eine Klasse so eingerichtet, wie sie vor 100 Jahren ausgestattet war. Schulb\u00e4nke, Lehrerpult und alle weiteren Einrichtungsgegenst\u00e4nde, teilweise Leihgaben von Gro\u00dfeltern unserer Sch\u00fcler, bieten einen imposanten Einblick in eine Schulklasse vor 100 Jahren.<br><br>Weiter ging es in den&nbsp;Naturparkraum, in dem Kol. Ulrike Gennrich mit einer gelungenen Ausstellung die Aktivit\u00e4ten der Naturparkschule darstellte. Begeistert erz\u00e4hlten die Kinder wie der Unterricht im Naturpark abl\u00e4uft und wo sie schon \u00fcberall waren.<br><br>Zum Abschluss erkl\u00e4rten Kinder der 4. Klasse die Bilder der Ausstellung von Franz Kuglitsch, einem ehemaligen Lehrer der Volksschule Arnoldstein.<br>\u00dcberw\u00e4ltigt verabschiedete sich das Pr\u00e4sidentenpaar von den Kindern, Eltern und Kolleginnen und hinterlie\u00df bei uns allen einen unvergesslichen Eindruck.<\/p>\n<\/details>\n\n\n\n<figure class=\"wp-block-gallery has-nested-images columns-default is-cropped wp-block-gallery-1 is-layout-flex wp-block-gallery-is-layout-flex\">\n<figure class=\"wp-block-image size-large\"><img loading=\"lazy\" decoding=\"async\" width=\"354\" height=\"236\" data-id=\"198\" src=\"https:\/\/vs-arnoldstein.ksn.at\/v2\/wp-content\/uploads\/2024\/07\/bpr2.jpg\" alt=\"Kinder bei der Auff\u00fchrung eins Theaterst\u00fcckes\" class=\"wp-image-198\" srcset=\"https:\/\/vs-arnoldstein.ksn.at\/v2\/wp-content\/uploads\/2024\/07\/bpr2.jpg 354w, https:\/\/vs-arnoldstein.ksn.at\/v2\/wp-content\/uploads\/2024\/07\/bpr2-300x200.jpg 300w\" sizes=\"auto, (max-width: 354px) 100vw, 354px\" \/><\/figure>\n\n\n\n<figure class=\"wp-block-image size-large\"><img loading=\"lazy\" decoding=\"async\" width=\"354\" height=\"236\" data-id=\"201\" src=\"https:\/\/vs-arnoldstein.ksn.at\/v2\/wp-content\/uploads\/2024\/07\/bpr3.jpg\" alt=\"das Publikum, samt Ehreng\u00e4ste beim Ansehen des Theaterst\u00fcckes\" class=\"wp-image-201\" srcset=\"https:\/\/vs-arnoldstein.ksn.at\/v2\/wp-content\/uploads\/2024\/07\/bpr3.jpg 354w, https:\/\/vs-arnoldstein.ksn.at\/v2\/wp-content\/uploads\/2024\/07\/bpr3-300x200.jpg 300w\" sizes=\"auto, (max-width: 354px) 100vw, 354px\" \/><\/figure>\n\n\n\n<figure class=\"wp-block-image size-large\"><img loading=\"lazy\" decoding=\"async\" width=\"354\" height=\"236\" data-id=\"206\" src=\"https:\/\/vs-arnoldstein.ksn.at\/v2\/wp-content\/uploads\/2024\/07\/bpr4.jpg\" alt=\"Auff\u00fchrung des Chors\" class=\"wp-image-206\" srcset=\"https:\/\/vs-arnoldstein.ksn.at\/v2\/wp-content\/uploads\/2024\/07\/bpr4.jpg 354w, https:\/\/vs-arnoldstein.ksn.at\/v2\/wp-content\/uploads\/2024\/07\/bpr4-300x200.jpg 300w\" sizes=\"auto, (max-width: 354px) 100vw, 354px\" \/><\/figure>\n\n\n\n<figure class=\"wp-block-image size-large\"><img loading=\"lazy\" decoding=\"async\" width=\"354\" height=\"236\" data-id=\"205\" src=\"https:\/\/vs-arnoldstein.ksn.at\/v2\/wp-content\/uploads\/2024\/07\/bpr6.jpg\" alt=\"verkleidete Kinder bei einer Auff\u00fchrung\" class=\"wp-image-205\" srcset=\"https:\/\/vs-arnoldstein.ksn.at\/v2\/wp-content\/uploads\/2024\/07\/bpr6.jpg 354w, https:\/\/vs-arnoldstein.ksn.at\/v2\/wp-content\/uploads\/2024\/07\/bpr6-300x200.jpg 300w\" sizes=\"auto, (max-width: 354px) 100vw, 354px\" \/><\/figure>\n\n\n\n<figure class=\"wp-block-image size-large\"><img loading=\"lazy\" decoding=\"async\" width=\"354\" height=\"236\" data-id=\"200\" src=\"https:\/\/vs-arnoldstein.ksn.at\/v2\/wp-content\/uploads\/2024\/07\/bpr7-1.jpg\" alt=\"Herr Fischer umgeben von Schulkinder\" class=\"wp-image-200\" srcset=\"https:\/\/vs-arnoldstein.ksn.at\/v2\/wp-content\/uploads\/2024\/07\/bpr7-1.jpg 354w, https:\/\/vs-arnoldstein.ksn.at\/v2\/wp-content\/uploads\/2024\/07\/bpr7-1-300x200.jpg 300w\" sizes=\"auto, (max-width: 354px) 100vw, 354px\" \/><\/figure>\n\n\n\n<figure class=\"wp-block-image size-large\"><img loading=\"lazy\" decoding=\"async\" width=\"354\" height=\"236\" data-id=\"204\" src=\"https:\/\/vs-arnoldstein.ksn.at\/v2\/wp-content\/uploads\/2024\/07\/bpr8.jpg\" alt=\"ein M\u00e4dchen sagt den Ehreng\u00e4sten ein Gedicht auf\" class=\"wp-image-204\" srcset=\"https:\/\/vs-arnoldstein.ksn.at\/v2\/wp-content\/uploads\/2024\/07\/bpr8.jpg 354w, https:\/\/vs-arnoldstein.ksn.at\/v2\/wp-content\/uploads\/2024\/07\/bpr8-300x200.jpg 300w\" sizes=\"auto, (max-width: 354px) 100vw, 354px\" \/><\/figure>\n\n\n\n<figure class=\"wp-block-image size-large\"><img loading=\"lazy\" decoding=\"async\" width=\"354\" height=\"236\" data-id=\"202\" src=\"https:\/\/vs-arnoldstein.ksn.at\/v2\/wp-content\/uploads\/2024\/07\/bpr9.jpg\" alt=\"die Ehreng\u00e4ste posieren mit Schulkindern bei einer alten Schulbank\" class=\"wp-image-202\" srcset=\"https:\/\/vs-arnoldstein.ksn.at\/v2\/wp-content\/uploads\/2024\/07\/bpr9.jpg 354w, https:\/\/vs-arnoldstein.ksn.at\/v2\/wp-content\/uploads\/2024\/07\/bpr9-300x200.jpg 300w\" sizes=\"auto, (max-width: 354px) 100vw, 354px\" \/><\/figure>\n\n\n\n<figure class=\"wp-block-image size-large\"><img loading=\"lazy\" decoding=\"async\" width=\"354\" height=\"236\" data-id=\"199\" src=\"https:\/\/vs-arnoldstein.ksn.at\/v2\/wp-content\/uploads\/2024\/07\/bpr10.jpg\" alt=\"ein Bursche und Herr Fischer sehen sich ein Dokument an\" class=\"wp-image-199\" srcset=\"https:\/\/vs-arnoldstein.ksn.at\/v2\/wp-content\/uploads\/2024\/07\/bpr10.jpg 354w, https:\/\/vs-arnoldstein.ksn.at\/v2\/wp-content\/uploads\/2024\/07\/bpr10-300x200.jpg 300w\" sizes=\"auto, (max-width: 354px) 100vw, 354px\" \/><\/figure>\n\n\n\n<figure class=\"wp-block-image size-large\"><img loading=\"lazy\" decoding=\"async\" width=\"354\" height=\"236\" data-id=\"197\" src=\"https:\/\/vs-arnoldstein.ksn.at\/v2\/wp-content\/uploads\/2024\/07\/bpr1.jpg\" alt=\"Herr Fischer mit zwei Schulkindern\" class=\"wp-image-197\" srcset=\"https:\/\/vs-arnoldstein.ksn.at\/v2\/wp-content\/uploads\/2024\/07\/bpr1.jpg 354w, https:\/\/vs-arnoldstein.ksn.at\/v2\/wp-content\/uploads\/2024\/07\/bpr1-300x200.jpg 300w\" sizes=\"auto, (max-width: 354px) 100vw, 354px\" \/><\/figure>\n<\/figure>\n","protected":false},"excerpt":{"rendered":"<p>Die Volksschule Arnoldstein hat eine lange Geschichte: Gegr\u00fcndet 1784 im Speisesaal eines Klosters, zog sie sp\u00e4ter in den Getreidespeicher um. Der Grundstein f\u00fcr das heutige Schulgeb\u00e4ude wurde 1908 gelegt, und 1910\/11 er\u00f6ffnete die Schule mit 7 Klassen f\u00fcr 420 Kinder. Nach mehreren baulichen Erweiterungen, einschlie\u00dflich eines neuen Turnsaals 1995, wurden im Jahr 2000 die bis [&hellip;]<\/p>\n","protected":false},"author":1,"featured_media":0,"parent":0,"menu_order":0,"comment_status":"closed","ping_status":"closed","template":"","meta":{"footnotes":""},"class_list":["post-70","page","type-page","status-publish","hentry"],"_links":{"self":[{"href":"https:\/\/vs-arnoldstein.ksn.at\/v2\/wp-json\/wp\/v2\/pages\/70","targetHints":{"allow":["GET"]}}],"collection":[{"href":"https:\/\/vs-arnoldstein.ksn.at\/v2\/wp-json\/wp\/v2\/pages"}],"about":[{"href":"https:\/\/vs-arnoldstein.ksn.at\/v2\/wp-json\/wp\/v2\/types\/page"}],"author":[{"embeddable":true,"href":"https:\/\/vs-arnoldstein.ksn.at\/v2\/wp-json\/wp\/v2\/users\/1"}],"replies":[{"embeddable":true,"href":"https:\/\/vs-arnoldstein.ksn.at\/v2\/wp-json\/wp\/v2\/comments?post=70"}],"version-history":[{"count":11,"href":"https:\/\/vs-arnoldstein.ksn.at\/v2\/wp-json\/wp\/v2\/pages\/70\/revisions"}],"predecessor-version":[{"id":391,"href":"https:\/\/vs-arnoldstein.ksn.at\/v2\/wp-json\/wp\/v2\/pages\/70\/revisions\/391"}],"wp:attachment":[{"href":"https:\/\/vs-arnoldstein.ksn.at\/v2\/wp-json\/wp\/v2\/media?parent=70"}],"curies":[{"name":"wp","href":"https:\/\/api.w.org\/{rel}","templated":true}]}}